{"id":83,"date":"2018-09-04T08:41:42","date_gmt":"2018-09-04T08:41:42","guid":{"rendered":"http:\/\/www.donbosco.cz\/?page_id=83"},"modified":"2026-02-11T13:42:07","modified_gmt":"2026-02-11T13:42:07","slug":"primarni-prevence","status":"publish","type":"page","link":"https:\/\/www.donbosco.cz\/index.php\/zakladni-skola\/sluzby-skoly\/primarni-prevence\/","title":{"rendered":"Prim\u00e1rn\u00ed prevence"},"content":{"rendered":"\n<figure class=\"wp-block-table\"><table><tbody><tr><td><strong>Mgr. Kate\u0159ina Krac\u00edkov\u00e1  <\/strong>    <\/td><td>Metodik prevence <\/td><td>e: katerina.kracikova@donbosco.cz <\/td><\/tr><tr><td><strong>Mgr. Hana Pavelkov\u00e1<\/strong><\/td><td>V\u00fdchovn\u00fd a kari\u00e9rov\u00fd poradce <\/td><td>e: hana.pavelkova@donbosco.cz<\/td><\/tr><\/tbody><\/table><\/figure>\n\n\n\n<p>Na C\u00edrkevn\u00ed z\u00e1kladn\u00ed \u0161kole logopedick\u00e9 je \u017e\u00e1k\u016fm i pedagog\u016fm k dispozici <strong>\u0161koln\u00ed metodik prevence<\/strong>, kter\u00fd <strong>\u00fazce spolupracuje s v\u00fdchovnou poradkyn\u00ed<\/strong> a <strong>veden\u00edm \u0161koly<\/strong> na vytv\u00e1\u0159en\u00ed bezpe\u010dn\u00e9ho a podn\u011btn\u00e9ho prost\u0159ed\u00ed. Systematicky se v\u011bnuje prevenci rizikov\u00fdch jev\u016f, mapuje klima \u0161koly a v\u010das zachycuje mo\u017en\u00e9 projevy probl\u00e9mov\u00e9ho chov\u00e1n\u00ed.<\/p>\n\n\n\n<p>Pro \u017e\u00e1ky zaji\u0161\u0165uje <strong>preventivn\u00ed programy<\/strong> zam\u011b\u0159en\u00e9 na aktu\u00e1ln\u00ed t\u00e9mata, p\u0159ipravuje a vyhodnocuje Minim\u00e1ln\u00ed preventivn\u00ed program \u0161koly a podporuje pedagogy p\u0159i \u0159e\u0161en\u00ed konkr\u00e9tn\u00edch situac\u00ed. Sou\u010dasn\u011b nab\u00edz\u00ed <strong>vzd\u011bl\u00e1v\u00e1n\u00ed pedagogick\u00fdch pracovn\u00edk\u016f<\/strong> v oblasti prevence a poskytuje jim <strong>metodickou podporu<\/strong> i aktu\u00e1ln\u00ed informace k dan\u00e9 problematice.<\/p>\n\n\n\n<p>\u0160kola v t\u00e9to oblasti aktivn\u011b <strong>spolupracuje s Pedagogicko-psychologickou poradnou<\/strong> pro Prahu 8, K\u0159es\u0165anskou pedagogicko-psychologickou poradnou i dal\u0161\u00edmi odborn\u00fdmi institucemi.<\/p>\n\n\n\n<h2><strong>Spolupr\u00e1ce s Centrem LOCIKA<\/strong><\/h2>\n\n\n\n<p>Centrum LOCIKA pom\u00e1h\u00e1 d\u011btem, kter\u00e9 za\u017e\u00edvaj\u00ed n\u00e1sil\u00ed v rodin\u011b \u2013 jako p\u0159\u00edm\u00e9 ob\u011bti i jako jeho sv\u011bdci. Chr\u00e1n\u00ed z\u00e1jem d\u00edt\u011bte a poskytuje odbornou podporu tak\u00e9 rodi\u010d\u016fm. C\u00edlem je minimalizovat dopady n\u00e1sil\u00ed na v\u00fdvoj d\u00edt\u011bte a pomoci nastavit zdrav\u00e9 vztahy v rodin\u011b tak, aby d\u00edt\u011b mohlo vyr\u016fstat v bezpe\u010dn\u00e9m a respektuj\u00edc\u00edm prost\u0159ed\u00ed.<\/p>\n\n\n\n<p>Na\u0161i pedagogov\u00e9 se v sou\u010dasn\u00e9 dob\u011b \u00fa\u010dastn\u00ed semin\u00e1\u0159\u016f a webin\u00e1\u0159\u016f po\u0159\u00e1dan\u00fdch Centrem LOCIKA a z\u00edskan\u00e9 poznatky uplat\u0148uj\u00ed v praxi. T\u00e9matu bezpe\u010d\u00ed a vztah\u016f v\u011bnujeme prostor tak\u00e9 p\u0159\u00edmo ve t\u0159\u00edd\u00e1ch.<\/p>\n\n\n\n<p>V\u00edce informac\u00ed mohou rodi\u010de nal\u00e9zt na webov\u00fdch str\u00e1nk\u00e1ch Centra LOCIKA: <a rel=\"noreferrer noopener\" href=\"https:\/\/www.centrumlocika.cz\/\" target=\"_blank\">www.centrumlocika.cz<\/a><\/p>\n\n\n\n<p>Infografiky a dal\u0161\u00ed materi\u00e1ly ke sta\u017een\u00ed najdete&nbsp;<a rel=\"noreferrer noopener\" href=\"https:\/\/www.centrumlocika.cz\/infografika-a-clanky\" target=\"_blank\">ZDE.<\/a><\/p>\n\n\n\n<figure class=\"wp-block-image size-large\"><img loading=\"lazy\" width=\"1024\" height=\"724\" src=\"https:\/\/www.donbosco.cz\/wp-content\/uploads\/2026\/02\/613e2e82270e9b60aca154fb_nove-logo-1024x724.jpg\" alt=\"\" class=\"wp-image-5179\" srcset=\"https:\/\/www.donbosco.cz\/wp-content\/uploads\/2026\/02\/613e2e82270e9b60aca154fb_nove-logo-1024x724.jpg 1024w, https:\/\/www.donbosco.cz\/wp-content\/uploads\/2026\/02\/613e2e82270e9b60aca154fb_nove-logo-300x212.jpg 300w, https:\/\/www.donbosco.cz\/wp-content\/uploads\/2026\/02\/613e2e82270e9b60aca154fb_nove-logo-768x543.jpg 768w, https:\/\/www.donbosco.cz\/wp-content\/uploads\/2026\/02\/613e2e82270e9b60aca154fb_nove-logo-1536x1086.jpg 1536w, https:\/\/www.donbosco.cz\/wp-content\/uploads\/2026\/02\/613e2e82270e9b60aca154fb_nove-logo-2048x1448.jpg 2048w\" sizes=\"(max-width: 767px) 89vw, (max-width: 1000px) 54vw, (max-width: 1071px) 543px, 580px\" \/><\/figure>\n","protected":false},"excerpt":{"rendered":"<p>Mgr. Kate\u0159ina Krac\u00edkov\u00e1 Metodik prevence e: katerina.kracikova@donbosco.cz Mgr. Hana Pavelkov\u00e1 V\u00fdchovn\u00fd a kari\u00e9rov\u00fd poradce e: hana.pavelkova@donbosco.cz Na C\u00edrkevn\u00ed z\u00e1kladn\u00ed \u0161kole logopedick\u00e9 je \u017e\u00e1k\u016fm i pedagog\u016fm k dispozici \u0161koln\u00ed metodik prevence, kter\u00fd \u00fazce spolupracuje s v\u00fdchovnou poradkyn\u00ed a veden\u00edm \u0161koly na vytv\u00e1\u0159en\u00ed bezpe\u010dn\u00e9ho a podn\u011btn\u00e9ho prost\u0159ed\u00ed. Systematicky se v\u011bnuje prevenci rizikov\u00fdch jev\u016f, mapuje klima \u0161koly a &hellip; <\/p>\n<p class=\"link-more\"><a href=\"https:\/\/www.donbosco.cz\/index.php\/zakladni-skola\/sluzby-skoly\/primarni-prevence\/\" class=\"more-link\">Pokra\u010dovat ve \u010dten\u00ed<span class=\"screen-reader-text\"> &#8222;Prim\u00e1rn\u00ed prevence&#8220;<\/span><\/a><\/p>\n","protected":false},"author":2,"featured_media":0,"parent":76,"menu_order":2,"comment_status":"closed","ping_status":"closed","template":"","meta":[],"_links":{"self":[{"href":"https:\/\/www.donbosco.cz\/index.php\/wp-json\/wp\/v2\/pages\/83"}],"collection":[{"href":"https:\/\/www.donbosco.cz\/index.php\/wp-json\/wp\/v2\/pages"}],"about":[{"href":"https:\/\/www.donbosco.cz\/index.php\/wp-json\/wp\/v2\/types\/page"}],"author":[{"embeddable":true,"href":"https:\/\/www.donbosco.cz\/index.php\/wp-json\/wp\/v2\/users\/2"}],"replies":[{"embeddable":true,"href":"https:\/\/www.donbosco.cz\/index.php\/wp-json\/wp\/v2\/comments?post=83"}],"version-history":[{"count":10,"href":"https:\/\/www.donbosco.cz\/index.php\/wp-json\/wp\/v2\/pages\/83\/revisions"}],"predecessor-version":[{"id":5185,"href":"https:\/\/www.donbosco.cz\/index.php\/wp-json\/wp\/v2\/pages\/83\/revisions\/5185"}],"up":[{"embeddable":true,"href":"https:\/\/www.donbosco.cz\/index.php\/wp-json\/wp\/v2\/pages\/76"}],"wp:attachment":[{"href":"https:\/\/www.donbosco.cz\/index.php\/wp-json\/wp\/v2\/media?parent=83"}],"curies":[{"name":"wp","href":"https:\/\/api.w.org\/{rel}","templated":true}]}}