{"id":238,"date":"2018-09-18T06:42:34","date_gmt":"2018-09-18T06:42:34","guid":{"rendered":"http:\/\/www.donbosco.cz\/?page_id=238"},"modified":"2024-09-03T05:16:20","modified_gmt":"2024-09-03T05:16:20","slug":"svp","status":"publish","type":"page","link":"https:\/\/www.donbosco.cz\/index.php\/zakladni-skola\/dokumenty\/svp\/","title":{"rendered":"\u0160VP"},"content":{"rendered":"<ul>\n<li><strong><a href=\"http:\/\/www.donbosco.cz\/wp-content\/uploads\/2024\/09\/SVP-1.9.-2024.pdf\">\u0160VP<\/a><\/strong><\/li>\n<li><strong><a href=\"http:\/\/www.donbosco.cz\/wp-content\/uploads\/2020\/01\/\u0160VP-M\u0160.docx\">\u0160VP M\u0160<\/a><\/strong><\/li>\n<\/ul>\n<p>Od \u0161koln\u00edho roku 2007\/2008 vyu\u010dujeme podle \u0161koln\u00edho vzd\u011bl\u00e1vac\u00edho programu, <strong>\u0160kola porozum\u011bn\u00ed<\/strong>, kter\u00fd navazuje na vzd\u011bl\u00e1vac\u00ed program na\u0161\u00ed\u00a0mate\u0159sk\u00e9 \u0161koly logopedick\u00e9 <strong>Br\u00e1na d\u011btem otev\u0159en\u00e1.<\/strong><\/p>\n<p>Vych\u00e1z\u00ed ze vzd\u011bl\u00e1vac\u00ed koncepce, kladouc\u00ed hlavn\u00ed d\u016fraz na komunikaci. Poskytuje speci\u00e1ln\u011b-pedagogickou a logopedickou p\u00e9\u010di \u017e\u00e1k\u016fm s naru\u0161enou komunika\u010dn\u00ed schopnost\u00ed, kterou nelze odstranit foniatrickou ani logopedickou ambulantn\u00ed p\u00e9\u010d\u00ed. Jedn\u00e1 se o poruchy \u0159e\u010di, opo\u017ed\u011bn\u00fd v\u00fdvoj \u0159e\u010di, dyslalie, v\u00fdvojov\u00e9 dysf\u00e1zie a specifick\u00e9 v\u00fdvojov\u00e9 poruchy u\u010den\u00ed, kter\u00e9 p\u0159etrv\u00e1vaj\u00ed po reedukaci \u0159e\u010dov\u00e9 vady.<\/p>\n<p>Program je orientov\u00e1n na \u017e\u00e1ka, respektuje jeho osobn\u00ed maximum a individu\u00e1ln\u00ed pot\u0159eby. C\u00edlem je vytvo\u0159it z\u00e1zem\u00ed, rozv\u00edjej\u00edc\u00ed tvo\u0159ivost a sou\u010dasn\u011b zohled\u0148uj\u00edc\u00ed individu\u00e1ln\u00ed mo\u017enosti. M\u00e1 vybavit ka\u017ed\u00e9ho \u017e\u00e1ka v\u0161\u00edm pot\u0159ebn\u00fdm pro \u00fasp\u011b\u0161n\u00fd a radostn\u00fd \u017eivot. V na\u0161em pojet\u00ed je \u0161kola m\u00edstem, kter\u00e9 \u017e\u00e1ky motivuje a podporuje k aktivn\u00edmu u\u010den\u00ed se. Sna\u017e\u00edme se \u017e\u00e1ky nau\u010dit d\u016fle\u017eit\u00fdm kompetenc\u00edm: u\u010dit se, \u0159e\u0161it probl\u00e9my a osvojit si soci\u00e1ln\u00ed dovednosti. Program respektuje logopedick\u00e9 tradice \u0161koly, vyu\u017e\u00edv\u00e1 jej\u00ed charakteristick\u00e9 podm\u00ednky a reaguje na individu\u00e1ln\u00ed vzd\u011bl\u00e1vac\u00ed pot\u0159eby \u017e\u00e1k\u016f. Zam\u011b\u0159uje se na v\u00fdchovu v duchu k\u0159es\u0165ansk\u00e9 etiky. Kolektivn\u00ed a individu\u00e1ln\u00ed logopedick\u00e1 p\u00e9\u010de prol\u00edn\u00e1 ve\u0161kerou vzd\u011bl\u00e1vac\u00ed a v\u00fdchovnou \u010dinnost\u00ed.<\/p>\n<p>C\u00edrkevn\u00ed z\u00e1kladn\u00ed \u0161kola logopedick\u00e1 Don Bosco a mate\u0159sk\u00e1 \u0161kola logopedick\u00e1 se na z\u00e1klad\u011b anal\u00fdzy vzd\u011bl\u00e1vac\u00edch podm\u00ednek \u0161koly a vzd\u011bl\u00e1vac\u00edch po\u017eadavk\u016f rodi\u010d\u016f zam\u011b\u0159uje zejm\u00e9na na :<\/p>\n<div><\/div>\n<div>\n<ul>\n<li>poskytov\u00e1n\u00ed kvalitn\u00edho v\u0161eobecn\u00e9ho vzd\u011bl\u00e1n\u00ed<\/li>\n<li>rozv\u00edjen\u00ed komunikace na \u00farovni odpov\u00eddaj\u00edc\u00ed individu\u00e1ln\u00edm mo\u017enostem \u017e\u00e1k\u016f<\/li>\n<li>uplat\u0148ov\u00e1n\u00ed nov\u00fdch forem v\u00fduky s vyu\u017eit\u00edm elektronick\u00fdch u\u010debn\u00edch pom\u016fcek<\/li>\n<li>rozv\u00edjen\u00ed samostatn\u00e9ho logick\u00e9ho a kritick\u00e9ho my\u0161len\u00ed za\u0159azen\u00edm Metody instrument\u00e1ln\u00edho\u00a0obohacov\u00e1n\u00ed do p\u0159edm\u011btu Logopedick\u00e1 intervence<\/li>\n<li>v\u00fduka informatiky, hudebn\u00ed a v\u00fdtvarn\u00e9 v\u00fdchovy v odborn\u00fdch pracovn\u00e1ch<\/li>\n<li>v\u00fduka \u010dten\u00ed a psan\u00ed v prvn\u00edm ro\u010dn\u00edku modern\u00edmi metodami<\/li>\n<li>roz\u0161\u00ed\u0159en\u00e1 v\u00fduka matematiky v projektu Figurkov\u00e1 \u0161koli\u010dka ve druh\u00e9m a t\u0159et\u00edm ro\u010dn\u00edku<\/li>\n<li>v\u00fduka anglick\u00e9ho jazyka od t\u0159et\u00edho ro\u010dn\u00edku, na druh\u00e9m stupni p\u0159ibyde rusk\u00fd jazyk<\/li>\n<li>v\u00fduka plav\u00e1n\u00ed ve druh\u00e9m a t\u0159et\u00edm ro\u010dn\u00edku<\/li>\n<li>v\u00fduka etick\u00e9 v\u00fdchovy v \u0161est\u00e9m\u00a0 ro\u010dn\u00edku,v\u00fdjezdov\u00e9 kurzy v 6. &#8211; 9. ro\u010dn\u00edku<\/li>\n<li>roz\u0161\u00ed\u0159en\u00e1 v\u00fduka \u010desk\u00e9ho jazyka ve v\u0161ech ro\u010dn\u00edc\u00edch<\/li>\n<li>v\u00fdchova k ob\u010danstv\u00ed a z\u00e1klady k\u0159es\u0165ansk\u00e9 v\u00fdchovy v 6. &#8211; 9. ro\u010dn\u00edku<\/li>\n<li>z\u00e1klady\u00a0finan\u010dn\u00ed gramotnosti v 8. ro\u010dn\u00edku<\/li>\n<li>bezpe\u010dn\u00e9\u00a0 chov\u00e1n\u00ed p\u0159i mimo\u0159\u00e1dn\u00fdch ud\u00e1lostech v oblasti \u010clov\u011bk a jeho sv\u011bt<\/li>\n<li>dopravn\u00ed v\u00fdchova v oblasti \u010clov\u011bk a zdrav\u00ed<\/li>\n<li>nepovinn\u00fd p\u0159edm\u011bt N\u00e1bo\u017eenstv\u00ed v 1. &#8211; 9. ro\u010dn\u00edku<\/li>\n<li>program Prevence soci\u00e1ln\u011b patologick\u00fdch jev\u016f<\/li>\n<li>\u0161koln\u00ed klub s nab\u00eddkou 21 z\u00e1jmov\u00fdch \u00fatvar\u016f<\/li>\n<li>\u0161koln\u00ed dru\u017eina pro \u017e\u00e1ky 1. &#8211; 4. ro\u010dn\u00edku<\/li>\n<\/ul>\n<\/div>\n<p>V\u0161ichni \u017e\u00e1ci p\u0159i p\u0159ij\u00edmac\u00edm \u0159\u00edzen\u00ed absolvuj\u00ed komplexn\u00ed vy\u0161et\u0159en\u00ed v pedagogicko-psychologick\u00e9 poradn\u011b nebo ve speci\u00e1ln\u011b pedagogick\u00e9m centru. Na z\u00e1klad\u011b t\u011bchto vy\u0161et\u0159en\u00ed je pak \u017e\u00e1k\u016fm stanoven rozsah a obsah reeduka\u010dn\u00ed p\u00e9\u010de. U velmi t\u011b\u017ek\u00fdch poruch jsou vypracov\u00e1ny individu\u00e1ln\u00ed vzd\u011bl\u00e1vac\u00ed pl\u00e1ny nebo doporu\u010dena podpora asistenta pedagoga.<\/p>\n<p>\u0160koln\u00ed vzd\u011bl\u00e1vac\u00ed program \u0160kola porozum\u011bn\u00ed je nastaven tak, aby umo\u017e\u0148oval maxim\u00e1ln\u00ed osobnostn\u00ed rozvoj ka\u017ed\u00e9ho \u017e\u00e1ka, jeho talent, nad\u00e1n\u00ed a z\u00e1jmy.<\/p>\n","protected":false},"excerpt":{"rendered":"<p>\u0160VP \u0160VP M\u0160 Od \u0161koln\u00edho roku 2007\/2008 vyu\u010dujeme podle \u0161koln\u00edho vzd\u011bl\u00e1vac\u00edho programu, \u0160kola porozum\u011bn\u00ed, kter\u00fd navazuje na vzd\u011bl\u00e1vac\u00ed program na\u0161\u00ed\u00a0mate\u0159sk\u00e9 \u0161koly logopedick\u00e9 Br\u00e1na d\u011btem otev\u0159en\u00e1. Vych\u00e1z\u00ed ze vzd\u011bl\u00e1vac\u00ed koncepce, kladouc\u00ed hlavn\u00ed d\u016fraz na komunikaci. Poskytuje speci\u00e1ln\u011b-pedagogickou a logopedickou p\u00e9\u010di \u017e\u00e1k\u016fm s naru\u0161enou komunika\u010dn\u00ed schopnost\u00ed, kterou nelze odstranit foniatrickou ani logopedickou ambulantn\u00ed p\u00e9\u010d\u00ed. Jedn\u00e1 se o &hellip; <\/p>\n<p class=\"link-more\"><a href=\"https:\/\/www.donbosco.cz\/index.php\/zakladni-skola\/dokumenty\/svp\/\" class=\"more-link\">Pokra\u010dovat ve \u010dten\u00ed<span class=\"screen-reader-text\"> &#8222;\u0160VP&#8220;<\/span><\/a><\/p>\n","protected":false},"author":2,"featured_media":0,"parent":164,"menu_order":0,"comment_status":"closed","ping_status":"closed","template":"","meta":[],"_links":{"self":[{"href":"https:\/\/www.donbosco.cz\/index.php\/wp-json\/wp\/v2\/pages\/238"}],"collection":[{"href":"https:\/\/www.donbosco.cz\/index.php\/wp-json\/wp\/v2\/pages"}],"about":[{"href":"https:\/\/www.donbosco.cz\/index.php\/wp-json\/wp\/v2\/types\/page"}],"author":[{"embeddable":true,"href":"https:\/\/www.donbosco.cz\/index.php\/wp-json\/wp\/v2\/users\/2"}],"replies":[{"embeddable":true,"href":"https:\/\/www.donbosco.cz\/index.php\/wp-json\/wp\/v2\/comments?post=238"}],"version-history":[{"count":5,"href":"https:\/\/www.donbosco.cz\/index.php\/wp-json\/wp\/v2\/pages\/238\/revisions"}],"predecessor-version":[{"id":4211,"href":"https:\/\/www.donbosco.cz\/index.php\/wp-json\/wp\/v2\/pages\/238\/revisions\/4211"}],"up":[{"embeddable":true,"href":"https:\/\/www.donbosco.cz\/index.php\/wp-json\/wp\/v2\/pages\/164"}],"wp:attachment":[{"href":"https:\/\/www.donbosco.cz\/index.php\/wp-json\/wp\/v2\/media?parent=238"}],"curies":[{"name":"wp","href":"https:\/\/api.w.org\/{rel}","templated":true}]}}